{"id":21,"date":"2020-11-15T20:19:55","date_gmt":"2020-11-15T20:19:55","guid":{"rendered":"http:\/\/northwest-archers.ch\/?page_id=21"},"modified":"2020-11-15T21:08:43","modified_gmt":"2020-11-15T21:08:43","slug":"blog","status":"publish","type":"page","link":"http:\/\/northwest-archers.ch\/index.php\/blog\/","title":{"rendered":"Blog"},"content":{"rendered":"\n<p><strong>7.10. 2019 die Schutzwand ist fertig<\/strong><\/p>\n\n\n\n<p>Nun ist auch der rest der Schutzwand hochgezogen. Nun k\u00f6nnen wir auf bis zu 10 Scheibenbl\u00f6cke erweitern und somit bis zu 40 Sch\u00fctzen gleichzeitig schiessen lassen. Mit so viel Platz steht weiterem Vereinszuwachs nichts mehr im Weg.<\/p>\n\n\n\n<figure class=\"wp-block-image size-large\"><img decoding=\"async\" loading=\"lazy\" width=\"605\" height=\"605\" src=\"http:\/\/northwest-archers.ch\/wp-content\/uploads\/2020\/11\/1-1.png\" alt=\"\" class=\"wp-image-77\" srcset=\"http:\/\/northwest-archers.ch\/wp-content\/uploads\/2020\/11\/1-1.png 605w, http:\/\/northwest-archers.ch\/wp-content\/uploads\/2020\/11\/1-1-300x300.png 300w, http:\/\/northwest-archers.ch\/wp-content\/uploads\/2020\/11\/1-1-150x150.png 150w, http:\/\/northwest-archers.ch\/wp-content\/uploads\/2020\/11\/1-1-100x100.png 100w\" sizes=\"(max-width: 605px) 100vw, 605px\" \/><\/figure>\n\n\n\n<p><strong>25.09.2019 Der Umbau nimmt Formen an<\/strong><\/p>\n\n\n\n<p>Nun haben wir den Ersten abschnitt der Neuen Schutzwand hochgezogen. Bis ende des Monats sollten auch die letzten 6 Meter erledigt sein so das wir dann \u00fcber die ganze Breite de Halle Scheiben stellen k\u00f6nnen.<\/p>\n\n\n\n<p>So k\u00f6nnen bis zu 36 Sch\u00fctzen gleichzeitig auf bis zu 25 Meter schie\u00dfen also f\u00fcrs Training geradezu paradiesisch.&nbsp;<\/p>\n\n\n\n<p>Ich kann nur Sagen ich freue mich schon auf die kommende Hallen Saison.<\/p>\n\n\n\n<figure class=\"wp-block-image size-large\"><img decoding=\"async\" loading=\"lazy\" width=\"605\" height=\"453\" src=\"http:\/\/northwest-archers.ch\/wp-content\/uploads\/2020\/11\/2-1.png\" alt=\"\" class=\"wp-image-78\" srcset=\"http:\/\/northwest-archers.ch\/wp-content\/uploads\/2020\/11\/2-1.png 605w, http:\/\/northwest-archers.ch\/wp-content\/uploads\/2020\/11\/2-1-300x225.png 300w\" sizes=\"(max-width: 605px) 100vw, 605px\" \/><\/figure>\n\n\n\n<p><strong>24.09.2019 Vorstandssitzung&nbsp;und andere \u00dcberraschungen<\/strong><\/p>\n\n\n\n<p>Heute Abend haben wir uns im Snackpoint in Breitenbach eingefunden f\u00fcr unsere Vorstandssitzung.<\/p>\n\n\n\n<p>Es gab einige Punkte zu diskutieren unter anderem freuen wir uns sehr das wir Joe f\u00fcr unseren Vorstand gewinnen konnten.<\/p>\n\n\n\n<p>Er \u00fcbernimmt ab sofort die sparten Matchef sowie Platzchef.<\/p>\n\n\n\n<p>Wir w\u00fcnschen Ihm in dieser Aufgabe viel Freude und Erfolg.<\/p>\n\n\n\n<p>Auch haben wir zum ersten mal den Northwest Burger verkosten d\u00fcrfen. es ist schon ein geiles Gef\u00fchl wenn man als Verein seinen eigenen Burger hat.<\/p>\n\n\n\n<p>Er darf gerne auch als nicht mitglied bestellt werden im Snackpoint in Breitenbach<\/p>\n\n\n\n<figure class=\"wp-block-image size-large\"><img decoding=\"async\" loading=\"lazy\" width=\"605\" height=\"453\" src=\"http:\/\/northwest-archers.ch\/wp-content\/uploads\/2020\/11\/3.png\" alt=\"\" class=\"wp-image-79\" srcset=\"http:\/\/northwest-archers.ch\/wp-content\/uploads\/2020\/11\/3.png 605w, http:\/\/northwest-archers.ch\/wp-content\/uploads\/2020\/11\/3-300x225.png 300w\" sizes=\"(max-width: 605px) 100vw, 605px\" \/><\/figure>\n\n\n\n<p><strong>22.09.2019 Die Northwester am Hard Core Turnier beim BS Augusta<\/strong><\/p>\n\n\n\n<p>Am Sonntag Morgen haben wir uns traditionell zum Hardcore Turnier in Augst getroffen es sind von uns sage und Schreibe 9 Sch\u00fctzen angetreten.<\/p>\n\n\n\n<p>Dies ist bei unserer Vereinsgr\u00f6sse schon eine Beachtliche Zahl an Sch\u00fctzen. Es gab wieder viele Knifflig gestellte Situationen zu Meistern die manchmal auch das Schiessen auserhalb der Komfort Zohne von einem Verlangten.<\/p>\n\n\n\n<p>Am ende des Tages durften wir uns \u00fcber einen 3 Platz bei den BU Veteranen Herren und einen Ersten Platz bei den BU Damen freuen.<\/p>\n\n\n\n<p>an dieser Stelle nochmals Herliche Gratulation an Miriam Heller und Rolf Zumsteg<\/p>\n\n\n\n<p><strong>11.09.2019 Neue Schiesshallen Auslegung f\u00fcr die Wintersaison 19\/20<\/strong><\/p>\n\n\n\n<p>Diesen Samstag stellen wir die Halle um. Das Bauteam wird die Schiesswand vom S\u00fcdteil in den Nordteil verschieben. So wird es in Zukunft einfacher sein w\u00e4hrend des Schiessbetriebs aus Klos zu gehen, denn Lift zu benutzen oder im Bistro eine Pause zu machen.<\/p>\n\n\n\n<p>Zum einen wurde es in der letzten Gv entschieden zum anderen ist es Sicherheitstechnisch von Vorteil. Auch nicht zu verachten ist die Tatsache das wir dann im einzel Training bis auf 40 Meter schiessen k\u00f6nnen. So k\u00f6nnen wir uns bereits drinnen auf die kommende<\/p>\n\n\n\n<p>Aussensaison vorbereiten.&nbsp;<\/p>\n\n\n\n<p>Bilder folgen sobald der Umbau am Samstag begonnen hat.&nbsp;<\/p>\n\n\n\n<p><strong>17.10.2018 Die Halle ist er\u00f6ffnet<\/strong><\/p>\n\n\n\n<p>Seit dem 01.10.2018 haben wir unsere geliebte Halle wieder und wir sind auch schon fleissig am Trainieren.<\/p>\n\n\n\n<p>Nat\u00fcrlich habe wir in den letzten monaten so Einige vorangetrieben., so habe wir nun zum Beispiel 4 Anf\u00e4ngerausr\u00fcstungen mit dehnen unsere Snuppersch\u00fctzen trainieren k\u00f6nnen.<\/p>\n\n\n\n<p>Auch haben wir unser Bistrot weiter ausgebaut und so das nach dem schiessen noch gem\u00fctlicher gestaltet.<\/p>\n\n\n\n<p>Aber seht selbst hier ein par Impressionen.<\/p>\n\n\n\n<figure class=\"wp-block-image size-large\"><img decoding=\"async\" loading=\"lazy\" width=\"545\" height=\"265\" src=\"http:\/\/northwest-archers.ch\/wp-content\/uploads\/2020\/11\/4.png\" alt=\"\" class=\"wp-image-80\" srcset=\"http:\/\/northwest-archers.ch\/wp-content\/uploads\/2020\/11\/4.png 545w, http:\/\/northwest-archers.ch\/wp-content\/uploads\/2020\/11\/4-300x146.png 300w\" sizes=\"(max-width: 545px) 100vw, 545px\" \/><\/figure>\n\n\n\n<figure class=\"wp-block-image size-large\"><img decoding=\"async\" loading=\"lazy\" width=\"545\" height=\"265\" src=\"http:\/\/northwest-archers.ch\/wp-content\/uploads\/2020\/11\/5.png\" alt=\"\" class=\"wp-image-81\" srcset=\"http:\/\/northwest-archers.ch\/wp-content\/uploads\/2020\/11\/5.png 545w, http:\/\/northwest-archers.ch\/wp-content\/uploads\/2020\/11\/5-300x146.png 300w\" sizes=\"(max-width: 545px) 100vw, 545px\" \/><\/figure>\n\n\n\n<p>Also falls Ihr lust habt das Bogenschie\u00dfen auszuprobieren, dann seid Ihr bei uns richtig.<\/p>\n\n\n\n<p><strong>12.09.2018 Verinsausflug \/ Meisterschaft 2018<\/strong><\/p>\n\n\n\n<p>Am 01.09.2018 haben sich 13 Northwester auf den weg nach Eisenbach gemacht.<\/p>\n\n\n\n<p>Dort Angekommen haben wir dann unser neues Vereinshirt entgegen nehmen d\u00fcrfen. ich muss sagen in natura sieht es noch genialer aus als auf den Produktionsbildern.<\/p>\n\n\n\n<p>Wir werden es von nun an mit Stolz an allen kommenden turnieren Tragen.<\/p>\n\n\n\n<figure class=\"wp-block-image size-large\"><img decoding=\"async\" loading=\"lazy\" width=\"566\" height=\"404\" src=\"http:\/\/northwest-archers.ch\/wp-content\/uploads\/2020\/11\/6.png\" alt=\"\" class=\"wp-image-82\" srcset=\"http:\/\/northwest-archers.ch\/wp-content\/uploads\/2020\/11\/6.png 566w, http:\/\/northwest-archers.ch\/wp-content\/uploads\/2020\/11\/6-300x214.png 300w\" sizes=\"(max-width: 566px) 100vw, 566px\" \/><\/figure>\n\n\n\n<p>Danach haben wir zuerst unsere Zimmer bezogen und uns dann ausger\u00fcstet f\u00fcr den Ersten der 2 Wettk\u00e4mpfe dieses Wochenendes<\/p>\n\n\n\n<figure class=\"wp-block-image size-large\"><img decoding=\"async\" loading=\"lazy\" width=\"605\" height=\"294\" src=\"http:\/\/northwest-archers.ch\/wp-content\/uploads\/2020\/11\/7.png\" alt=\"\" class=\"wp-image-83\" srcset=\"http:\/\/northwest-archers.ch\/wp-content\/uploads\/2020\/11\/7.png 605w, http:\/\/northwest-archers.ch\/wp-content\/uploads\/2020\/11\/7-300x146.png 300w\" sizes=\"(max-width: 605px) 100vw, 605px\" \/><\/figure>\n\n\n\n<p>Am Abend dann haben wir das Bogen Schiesskino von Hubert ausgetestet um zu sehen ob es h\u00e4lt was es Verspricht.<\/p>\n\n\n\n<p>Und ich kann nur Sagen&#8230;. echt Hammer das m\u00f6chte man doch gleich selber haben&nbsp;<\/p>\n\n\n\n<figure class=\"wp-block-image size-large\"><img decoding=\"async\" loading=\"lazy\" width=\"605\" height=\"294\" src=\"http:\/\/northwest-archers.ch\/wp-content\/uploads\/2020\/11\/8.png\" alt=\"\" class=\"wp-image-84\" srcset=\"http:\/\/northwest-archers.ch\/wp-content\/uploads\/2020\/11\/8.png 605w, http:\/\/northwest-archers.ch\/wp-content\/uploads\/2020\/11\/8-300x146.png 300w\" sizes=\"(max-width: 605px) 100vw, 605px\" \/><\/figure>\n\n\n\n<p>Am Sonntag haben wir dann frisch gest\u00e4rkt den 2.ten Wettkampf bestritten<\/p>\n\n\n\n<figure class=\"wp-block-image size-large\"><img decoding=\"async\" loading=\"lazy\" width=\"605\" height=\"294\" src=\"http:\/\/northwest-archers.ch\/wp-content\/uploads\/2020\/11\/9.png\" alt=\"\" class=\"wp-image-85\" srcset=\"http:\/\/northwest-archers.ch\/wp-content\/uploads\/2020\/11\/9.png 605w, http:\/\/northwest-archers.ch\/wp-content\/uploads\/2020\/11\/9-300x146.png 300w\" sizes=\"(max-width: 605px) 100vw, 605px\" \/><\/figure>\n\n\n\n<figure class=\"wp-block-image size-large\"><img decoding=\"async\" loading=\"lazy\" width=\"605\" height=\"294\" src=\"http:\/\/northwest-archers.ch\/wp-content\/uploads\/2020\/11\/10.png\" alt=\"\" class=\"wp-image-86\" srcset=\"http:\/\/northwest-archers.ch\/wp-content\/uploads\/2020\/11\/10.png 605w, http:\/\/northwest-archers.ch\/wp-content\/uploads\/2020\/11\/10-300x146.png 300w\" sizes=\"(max-width: 605px) 100vw, 605px\" \/><\/figure>\n\n\n\n<p>Am sp\u00e4teren Nachmittag haben wir dann noch die Vereinsmeister in den Klassen Erwachsene mit Visier, Erwachsene Ohne Visier und Junioren erkoren.<\/p>\n\n\n\n<p>Nach dem die Preise verliehen waren haben wir uns dann verabschiedet und auf den Heimweg gemacht&nbsp;<\/p>\n\n\n\n<figure class=\"wp-block-image size-large\"><img decoding=\"async\" loading=\"lazy\" width=\"605\" height=\"806\" src=\"http:\/\/northwest-archers.ch\/wp-content\/uploads\/2020\/11\/11.png\" alt=\"\" class=\"wp-image-87\" srcset=\"http:\/\/northwest-archers.ch\/wp-content\/uploads\/2020\/11\/11.png 605w, http:\/\/northwest-archers.ch\/wp-content\/uploads\/2020\/11\/11-225x300.png 225w\" sizes=\"(max-width: 605px) 100vw, 605px\" \/><\/figure>\n\n\n\n<figure class=\"wp-block-image size-large\"><img decoding=\"async\" loading=\"lazy\" width=\"605\" height=\"806\" src=\"http:\/\/northwest-archers.ch\/wp-content\/uploads\/2020\/11\/12.png\" alt=\"\" class=\"wp-image-88\" srcset=\"http:\/\/northwest-archers.ch\/wp-content\/uploads\/2020\/11\/12.png 605w, http:\/\/northwest-archers.ch\/wp-content\/uploads\/2020\/11\/12-225x300.png 225w\" sizes=\"(max-width: 605px) 100vw, 605px\" \/><\/figure>\n\n\n\n<figure class=\"wp-block-image size-large\"><img decoding=\"async\" loading=\"lazy\" width=\"605\" height=\"806\" src=\"http:\/\/northwest-archers.ch\/wp-content\/uploads\/2020\/11\/13.png\" alt=\"\" class=\"wp-image-89\" srcset=\"http:\/\/northwest-archers.ch\/wp-content\/uploads\/2020\/11\/13.png 605w, http:\/\/northwest-archers.ch\/wp-content\/uploads\/2020\/11\/13-225x300.png 225w\" sizes=\"(max-width: 605px) 100vw, 605px\" \/><\/figure>\n\n\n\n<p>Nochmals allen Teilnehmern ein Herzliches Dankesch\u00f6n das Ihr euch die Zeit genommen habt und den Siegern Gratuliere ich hier nochmals von Ganzem Herzen<\/p>\n\n\n\n<p><strong>16.07.2018<\/strong><\/p>\n\n\n\n<p><strong>Sommerferien<\/strong><\/p>\n\n\n\n<p>Schon ein Weilchen her das es hier auf der Seite Neuigkeiten gegeben hat. Dies h\u00e4ngt nicht zuletzt sehr stark mit der Sommer\/Ferienzeit zusammen.<\/p>\n\n\n\n<p>Trotzdem will ich euch hier ein par Neuigkeiten durchgeben. Es wird nach wie vor flei\u00dfig Trainiert in unserem Sommerquartier und langsam aber sicher zahlen sich die vielen Pfeile auch aus.<\/p>\n\n\n\n<p>Sechs unserer Sch\u00fctzen haben im Juni an 2 3D Turnieren teilgenommen diese waren auf der Fluon Alp und in B\u00fcsserach.<\/p>\n\n\n\n<p>Was uns als Verein besonders stolz macht, ist das einer unserer Sch\u00fctzen eine wirklich Tolle Platzierung errungen hat.<\/p>\n\n\n\n<p>Dazu m\u00f6chten wir unserem Mitglied Martin (Erster von links) nochmals Herzlich zu seinem 2. Rang Gratulieren.<\/p>\n\n\n\n<p>Bravo Weiter so!!<\/p>\n\n\n\n<figure class=\"wp-block-image size-large\"><img decoding=\"async\" loading=\"lazy\" width=\"411\" height=\"731\" src=\"http:\/\/northwest-archers.ch\/wp-content\/uploads\/2020\/11\/14.png\" alt=\"\" class=\"wp-image-90\" srcset=\"http:\/\/northwest-archers.ch\/wp-content\/uploads\/2020\/11\/14.png 411w, http:\/\/northwest-archers.ch\/wp-content\/uploads\/2020\/11\/14-169x300.png 169w\" sizes=\"(max-width: 411px) 100vw, 411px\" \/><\/figure>\n\n\n\n<p>Als n\u00e4chstes werden wir in unserem 3D F\u00e4cher mal wieder das Grass stutzen damit wir die Scheiben wieder gescheit stellen k\u00f6nnen.<\/p>\n\n\n\n<p>Auch laufen die Vorbereitungen f\u00fcr unseren Vereins Ausflug auf Hochtouren damit wir ein Tolles Wochenende zusammen verbringen k\u00f6nnen.<\/p>\n\n\n\n<p>Da ich zurzeit mit der Galerie Funktion unserer Webseite auf Kriegsfu\u00df stehe, werde ich euch in der n\u00e4chsten Zeit die Bilder vom Training und anderen Aktivit\u00e4ten auf unserer Fachebookpage zeigen.<\/p>\n\n\n\n<p><strong>24.05.2018<\/strong><\/p>\n\n\n\n<p><strong>Pingst Turnier in Sur En&nbsp; Engadin<\/strong><\/p>\n\n\n\n<p>Am 18.05.2018 haben sich 7 Northwester zusammen auf den Weg nach Sur En gemacht um dort das allj\u00e4hrliche Pfingst Turnier der Archer&#8217;s Engadina zu bestreiten.<\/p>\n\n\n\n<p>Bei der abreise war noch nicht klar wie das Wetter f\u00fcr die n\u00e4chsten beiden Tage werden wird und dementsprechend hatten alle einiges an Ausr\u00fcstung dabei.<\/p>\n\n\n\n<p>Wir reisten zusammen in einem Mietbus in unsere sch\u00f6ne und gem\u00fctliche Ferienwohnung in Sent dies liegt ca 10 Minuten entfernt vom Austragungsort.<\/p>\n\n\n\n<p>Nachdem wir unsere Wohnung bezogen hatten, machten wir uns auf den Weg zur Anmeldung.<\/p>\n\n\n\n<p>Danach gings ins Restaurant&nbsp;Chasa Veglia&nbsp;zum &#8222;Znacht&#8220;<\/p>\n\n\n\n<p>Am Samstag dem 19.05. Morgens startete dann der erste Turniertag ohne Regen bis ca. 6 Ziele vor Schluss sollte dies auch so bleiben.<\/p>\n\n\n\n<p>Es wurde wie jedes Jahr zuerst eine drei Pfeil Runde geschossen.<\/p>\n\n\n\n<p>In der Wundersch\u00f6nen Landschaft des Innthals haben uns die Veranstalter auch dieses Jahr wieder einen wundersch\u00f6nen und fordernden Parcours vorbereitet auf dem man sich die Punkte richtig verdienen musste.<\/p>\n\n\n\n<p>mit nicht ganz den Punkten die ich f\u00fcr mich erwartet hatte aber dennoch zufrieden schlossen wir den Samstag ab.<\/p>\n\n\n\n<p>Abermals ging es zum abendessen ins&nbsp;Chasa Veglia die Atmosph\u00e4re und die Gastfreundschaft sind neben dem exzellenten Essen einfach nur der Hammer ich kann einen Besuch dort jedem nur w\u00e4rmstens empfehlen.<\/p>\n\n\n\n<p>Am Sonntag dem 20.05. Fr\u00fch morgens startete dann die Hunter Runde auf dem frisch umgeplockten Parcours.<\/p>\n\n\n\n<p>Die Sch\u00fcsse waren auch am 2.ten Tag nicht weniger anspruchsvoll und so musste mach auch hier nochmals sein k\u00f6nnen unter beweis stellen.<\/p>\n\n\n\n<p>Auch am 2te Tag war ich mit meinem Resultat nicht dort wo ich mir erhofft hatte aber wiederum dennoch zufrieden mit dem wirklich tollen Tag.<\/p>\n\n\n\n<p>Alle Northwester haben sich in den beiden Tagen wacker geschlagen und haben dem Gel\u00e4nde Punkt f\u00fcr Punkt abgerungen.<\/p>\n\n\n\n<p>Die, die schon das 2.te mal dabei waren haben, ihr Resultat zum Vorjahr verbessern k\u00f6nnen was zeigt das der Trainingsstand doch entsprechende Fortschritte gemacht hat.<\/p>\n\n\n\n<p>Schlussendlich durften unsere BU Damen sogar noch einen 2.ten und 3.ten mit nach hause nehmen.<\/p>\n\n\n\n<p>An dieser Stelle nochmals Herzliche Gratulation euch beiden.<\/p>\n\n\n\n<p>So das solls nun f\u00fcr jetzt gewesen sein.<\/p>\n\n\n\n<p>Die n\u00e4chste M\u00f6glichkeit auf Northwester zu treffen gibt es bereits am 03.06.2018 wieder auf der Fulonalp oder in B\u00fcsserach<\/p>\n\n\n\n<p>Also man sieht sich<\/p>\n\n\n\n<p>Euer Pr\u00e4si&nbsp;<\/p>\n\n\n\n<p><strong>14.01.2018<\/strong><\/p>\n\n\n\n<p><strong>Alaska Turnier 2018<\/strong><\/p>\n\n\n\n<p>Am 14.01.2018 haben sich 5 Northwester auf den Weg nach Augst gemacht, um dort das Alaskaturnier des BS Augusta zu schiessen.<\/p>\n\n\n\n<p>Die Sch\u00fcsse waren wie das Wetter einfach nur Traumhaft.<\/p>\n\n\n\n<p>Die Posten waren teils technisch und teils psychologisch sehr anspruchsvoll also genau so wie es die Northwester lieben.<\/p>\n\n\n\n<p>Als Kr\u00f6nung des wirklich tollen Turniertages ist es unseren beiden tapferen Frauen Fabienne und Miriam den auch noch gelungen in Ihrer Kategorie einen Platz auf dem Treppchen zu ergattern.<\/p>\n\n\n\n<figure class=\"wp-block-image size-large\"><img decoding=\"async\" loading=\"lazy\" width=\"605\" height=\"807\" src=\"http:\/\/northwest-archers.ch\/wp-content\/uploads\/2020\/11\/15.png\" alt=\"\" class=\"wp-image-91\" srcset=\"http:\/\/northwest-archers.ch\/wp-content\/uploads\/2020\/11\/15.png 605w, http:\/\/northwest-archers.ch\/wp-content\/uploads\/2020\/11\/15-225x300.png 225w\" sizes=\"(max-width: 605px) 100vw, 605px\" \/><\/figure>\n\n\n\n<p><strong>Nochmals Herzliche Gratulation euch Beiden weiter so!!<\/strong><\/p>\n\n\n\n<p>Weitere Bilder zum Alaskaturnier 2018 k\u00f6nnt ihr in unserer Galerie sehen<\/p>\n\n\n\n<p><strong><u>13.01.2018<\/u><\/strong><\/p>\n\n\n\n<p><strong><u>1.GV der Northwest Archers<\/u><\/strong><\/p>\n\n\n\n<p>An unserer Ersten GV in Seewen gab es gleich so einiges an Neuem das es zu Verk\u00fcnden und entscheiden gab.<\/p>\n\n\n\n<p>Zum einen haben wir nun ein Neues eigens f\u00fcr uns entworfenes&nbsp;Logo mit dem wir nun unseren&nbsp;Web auftritt&nbsp;und noch so einiges anderes schm\u00fccken werden.&nbsp;<\/p>\n\n\n\n<p>Auch unser Trainingstag wurde vom Freitag auf den Donnerstag verlegt. Damit sind wir dem Wunsch vieler Mitglieder nachgekommen und wir sind sicher das wir dadurch noch bessere Voraussetzungen geschaffen haben.<\/p>\n\n\n\n<p>Wir haben nun ein Benutzungs&nbsp;Reglement&nbsp;in dem wir die Nutzung unserer Anlagen wie auch das Tema Besucher und&nbsp;Schnuppersch\u00fctzen&nbsp;regeln. Das PDF wird in k\u00fcrze auf dem Register&nbsp;<strong>Unser Verein<\/strong>&nbsp;zu finden sein.<\/p>\n\n\n\n<p>Es wird auch mehr&nbsp;Abwechslung&nbsp;in unserem Training geben. Dies in form von&nbsp;begleitendem Kraft und Aufbautraining das jeder unserer Sch\u00fctzen dann auch mit einfachsten Mitteln Zuhause weiter f\u00fchren kann.<\/p>\n\n\n\n<p>Neben Aufbau und Krafttraining werden wir auch den Bereich der Schiessspiele um Einige erweitern.<\/p>\n\n\n\n<p>Dies sind nur ein par Neuigkeiten die in diesem Jahr bei uns zu erleben sind.<\/p>\n\n\n\n<p>Wenn Ihr also neugierig seid, dann seid Ihr alle herzlich willkommen.<\/p>\n\n\n\n<p>Wir freuen uns auf Euch.<\/p>\n\n\n\n<p><strong><u>02.01.2018<\/u><\/strong><\/p>\n\n\n\n<p><strong><u>Kiosk \/ Cafeteria<\/u><\/strong><\/p>\n\n\n\n<p>P\u00fcnktlich zum Jahresbeginn konnten wir unseren Kiosk er\u00f6ffnen welcher wohl in weitern Schritten zur Cafeteria ausgebaut wird. Getr\u00e4nke, Snacks und S\u00fcsses zu fairen Preisen um die Haushaltskasse etwas auf zu bessern. Die Preise sind f\u00fcr Interne, wie auch Externe die Selben und laden auch nach dem Training zum gem\u00fctlichen Beisammensein ein.<\/p>\n\n\n\n<p><strong><u>29.12.2017<\/u><\/strong><\/p>\n\n\n\n<p><strong><u>Kurz vor ende des Jahres<\/u><\/strong><\/p>\n\n\n\n<p>Es ist nicht zu fassen aber es wurde schon wieder gemacht. kaum denkt man das Jahr bringt auf so kleinem Raum nichts mehr neues und siehe da kommt der erste Bogen-st\u00e4nder in unsere Halle.<\/p>\n\n\n\n<p>Vielen Dank an Joel und Martin f\u00fcrs Organisieren und aufbauen.<\/p>\n\n\n\n<p>Langsam wir es so richtig &#8222;Heimelig&#8220; bei uns.<\/p>\n\n\n\n<p>Aber seht selbst&#8230;..<\/p>\n\n\n\n<figure class=\"wp-block-image size-large\"><img decoding=\"async\" loading=\"lazy\" width=\"605\" height=\"227\" src=\"http:\/\/northwest-archers.ch\/wp-content\/uploads\/2020\/11\/16.png\" alt=\"\" class=\"wp-image-92\" srcset=\"http:\/\/northwest-archers.ch\/wp-content\/uploads\/2020\/11\/16.png 605w, http:\/\/northwest-archers.ch\/wp-content\/uploads\/2020\/11\/16-300x113.png 300w\" sizes=\"(max-width: 605px) 100vw, 605px\" \/><\/figure>\n\n\n\n<p><strong>24.12.2017<\/strong><\/p>\n\n\n\n<p><strong><u>Frohe Festtage<\/u><\/strong><\/p>\n\n\n\n<p>Nun neigt sich das Jahr dem ende entgegen und es wird Zeit zur\u00fcck und Voraus zu blicken.<\/p>\n\n\n\n<p>In diesem Jahr hatten wir viele H\u00f6hen und Tiefen zu durchwandern. Zum einen unsere Neugr\u00fcndung bei der wir in k\u00fcrzester Zeit von 4 auf \u00fcber 10 Mitglieder angewachsen sind zum anderen als wir dann abrupt unser Aussentrainingsgel\u00e4nde verloren haben.<\/p>\n\n\n\n<p>Mit diesem Verlust hatten wir auch gleich keinen Hallentrainingsplatz mehr f\u00fcr den Winter, was uns vor riesige Herausforderungen stellte. Zum gl\u00fcck haben wir Motivierte und Findige Mitglieder die alle Hebel in Bewegung setzten und den Vorstand bei der L\u00f6sung des Problems tatkr\u00e4ftig unterst\u00fctzten.<\/p>\n\n\n\n<p>Mit so vielen tatkr\u00e4ftigen Helfern hatten wir in kurzer Zeit die Turnhalle in Lauwil&nbsp; und kurz darauf sogar eine Werkshalle in Breitenbach die wir f\u00fcr unser Training beuzten k\u00f6nnen.<\/p>\n\n\n\n<p>f\u00fcr die N\u00e4chste Aussensaison haben wir auch schon ein neues Trainingsgel\u00e4nde organisieren k\u00f6nnen auf dem wir im Sommerhalbjahr unserem Sport nachgehen k\u00f6nnen.<\/p>\n\n\n\n<p>Abschlie\u00dfend k\u00f6nnte man sagen, dass uns die Vorsehung mit dem Zaunpfahl die Richtung gewiesen hat.<\/p>\n\n\n\n<p>In diesem Sinne W\u00fcnschen wir die Northwest Archers Allen Freunden, G\u00f6nnern, Unterst\u00fctzern und Sypatisanten sowie euren Familien frohe Festtage und einen Guten Rutsch ins neue Jahr.&nbsp;&nbsp;<\/p>\n\n\n\n<p><strong>01.12.2017<\/strong><\/p>\n\n\n\n<p><strong><u>Erstes Hallentraining<\/u><\/strong><\/p>\n\n\n\n<p>Wir konnten bereits die ersten offiziellen Training, sowie bereits Individuelle aus\u00fcben, da wir f\u00fcrs N\u00f6tigste eingerichtet sind. Es folgt noch der Detailausbau der Langdistanz (Bilder unten) sowie auf der R\u00fcckseite der Holzwand die Kurzdistand\/Kinder Training, Werkstatt, B\u00fcro\/Materialdepot und Aufenthaltsraum mit Verpflegungsm\u00f6glichkeit.<\/p>\n\n\n\n<p><strong>&#8222;Bereit f\u00fcr den n\u00e4chsten Schritt&#8220;<\/strong><\/p>\n\n\n\n<figure class=\"wp-block-image size-large\"><img decoding=\"async\" loading=\"lazy\" width=\"605\" height=\"166\" src=\"http:\/\/northwest-archers.ch\/wp-content\/uploads\/2020\/11\/17.png\" alt=\"\" class=\"wp-image-93\" srcset=\"http:\/\/northwest-archers.ch\/wp-content\/uploads\/2020\/11\/17.png 605w, http:\/\/northwest-archers.ch\/wp-content\/uploads\/2020\/11\/17-300x82.png 300w\" sizes=\"(max-width: 605px) 100vw, 605px\" \/><\/figure>\n\n\n\n<p><strong>24.11.2017<\/strong><\/p>\n\n\n\n<p><strong><u>Unsere eigene Trainingshalle<\/u><\/strong><\/p>\n\n\n\n<p>Ich kann es immer noch nicht fassen aber nun ist es Offiziell ab dem 01.12.2017 ist Weinachten f\u00fcr die Northwest Archers!!!<\/p>\n\n\n\n<p>Ab dem 01.12.2017 d\u00fcrfen wir offiziell in unsere eigene Schie\u00dfhalle umziehen.<\/p>\n\n\n\n<p>Dank der Freundlichen Unterst\u00fctzung der Von Roll Schweiz AG f\u00fcr die wir uns an dieser Stelle nochmals von ganzem Herzen bedanken wollen.<\/p>\n\n\n\n<p>Nun gibt es vieles zu tun wir m\u00fcssen den Umzug, die Einrichtung, und, und, und planen.<\/p>\n\n\n\n<p>Ich kann nur sagen, als Northwest Archer ist eins sicher:<\/p>\n\n\n\n<p><strong>&#8222;Es wird dir nie Langweilig.&#8220;<\/strong><\/p>\n\n\n\n<p><strong>16.11.2017<\/strong><\/p>\n\n\n\n<p><strong><u>Hallntraining in Lauwil<\/u><\/strong><\/p>\n\n\n\n<p>So nach einigen Turbulenzen ist es nun endlich soweit wir werden am 17.11.2017 mit dem Hallentraining in Lauwil beginnen.<\/p>\n\n\n\n<p>Wir Treffen uns jeweil am Freitag von 18.00 bis 20.00 in Der Turnhalle von Lauwil. Danach werden wir wenn es die Zeit zul\u00e4sst, noch gem\u00fctlich zusammensitzen und die Kammeradschaft Pflegen.<\/p>\n\n\n\n<p>Bereits am 09.12.2017 werden wir unseren ersten Chlaus\u00e4hogg durchf\u00fchren das Motto des Jahres 2017 ist:&nbsp;<strong><em>&#8222;Bring Supp\u00e4t\u00e4ller und L\u00f6ffel s\u00fcscht gits n\u00fct i Schn\u00f6ffel&#8220;<\/em><\/strong><strong>&nbsp;<\/strong>Was damit gemeint ist, dar\u00fcber darf spekuliert werden.<\/p>\n\n\n\n<p>Der N\u00e4chste grosse Termin ist die GV im Januar 2018 aber davor&nbsp;gibt&#8217;s&nbsp;noch einiges zu tun.<\/p>\n\n\n\n<p>Eines ist jedenfalls sicher.<\/p>\n\n\n\n<p>Es bleibt Spannend<\/p>\n\n\n\n<p><strong><u>27.09.2017<\/u><\/strong><\/p>\n\n\n\n<p><strong><u>Neues Logo auf der Homepage und bei Facebook<\/u><\/strong><\/p>\n\n\n\n<p>Nachdem wir nun f\u00fcr unser Training neu Platz gefunden haben, haben wir auch gleich unsere Homepage etwas angepasst und entr\u00fcmpelt.<\/p>\n\n\n\n<p>So haben wir ein Neues Titelbild kreiert wir hoffen das es euch genau so gef\u00e4llt wie uns.<\/p>\n\n\n\n<p>In den n\u00e4chsten Tagen wird auch noch die Link Seite angepasst. und so einiges anderes wird wohl auch noch ge\u00e4ndert und optimiert.<\/p>\n\n\n\n<p>Wir verf\u00fcgen mittlerweile auch \u00fcber eine Facebook Seite auf der wir immer wieder aktuelle Meldungen und Bilder von Ausfl\u00fcgen und anderen Aktivit\u00e4ten einstellen.<\/p>\n\n\n\n<p>Schaut mal vorbei&nbsp; wenn Ihr m\u00f6gt.&nbsp;<a href=\"https:\/\/www.facebook.com\/Northwest-Archers-725436170961898\/\" target=\"_blank\" rel=\"noreferrer noopener\">facebook.com\/Northwest-Archers<\/a><\/p>\n\n\n\n<p>So das war&#8217;s von mir f\u00fcr Heute<\/p>\n\n\n\n<p>Euer Pr\u00e4si<\/p>\n\n\n\n<p><strong><u>25.09.2017&nbsp;<\/u><\/strong><\/p>\n\n\n\n<p><strong><u>R\u00fcckblick und Ausblick 2017<\/u><\/strong><\/p>\n\n\n\n<p>Turbulent, Aufregend, Sch\u00f6n, Spannend<\/p>\n\n\n\n<p>Dies sind nur einige der Worte die die letzten Monate seit unserer Gr\u00fcndung beschreiben. Wir blicken auf eine erlebnisreiche und spanende Sommersaison 2017 zur\u00fcck. Viel haben wir zusammen Erlebt und gemeinsam geschafft. Trotz diverser Herausforderungen haben wir uns nicht von unserem Kurs abbringen lassen und tragen die Fahne der Northwest Archers mit Zuversicht und Freude weiter in die Zukunft. Vieles haben wir in unserer Kurzen Geschichte bereits lernen und erleben d\u00fcrfen. Viel Gutes und Sch\u00f6nes, aber auch vieles an dem wir als Verein und als Menschen wachsen durften.&nbsp;<\/p>\n\n\n\n<p>Nun da der Winter vor der T\u00fcr steht, haben auch wir unseren Trainingsplatz im Wald ger\u00e4umt und wieder der Natur \u00fcberlassen. Unser Wintertraining findet in Lauwil in der Turnhalle jeweils am Freitag Abend von 18.00 bis 20.00 statt. Danach werden wir sicher das eine oder andere mal noch etwas Zeit f\u00fcr ein Feierabendbier und etwas Fachsimpeln finden.<\/p>\n\n\n\n<p>Anfang Dezember werden wir unseren ersten eigenen Klausenhock durchf\u00fchren d\u00fcrfen ich weis noch nicht genau wo und was wir machen werden, aber ich hoffe das es allen gef\u00e4llt.<\/p>\n\n\n\n<p>F\u00fcr die Sommersaison 2018 werden sich einige \u00c4nderungen ergeben sobald diese Spruchreif sind werden wir hier wieder ein wenig dar\u00fcber berichten. Mit Sicherheit kann ich nur sagen: &#8222;Es bleibt kein Stein auf dem anderen&#8220;<\/p>\n\n\n\n<p><strong><u>&nbsp;10.09.2017<\/u><\/strong><\/p>\n\n\n\n<p><strong><u>3D Hard Core in Augst!!<\/u><\/strong><\/p>\n\n\n\n<p>Das Hard Core Turnier 2017 ist nun auch schon wieder Geschichte. Vier unserer Sch\u00fctzen haben sich den zum Teil sehr anspruchsvollen Aufgaben gestellt. So haben sogar zwei den Bison auf 132 und auf 106 Meter getroffen was die Beiden sehr gefreut hat. Von unserer Seite Her war es wieder ein super Turnier das wir auch n\u00e4chstes Jahr gerne wieder besuchen.<\/p>\n\n\n\n<figure class=\"wp-block-image size-large\"><img decoding=\"async\" loading=\"lazy\" width=\"173\" height=\"307\" src=\"http:\/\/northwest-archers.ch\/wp-content\/uploads\/2020\/11\/18.png\" alt=\"\" class=\"wp-image-94\" srcset=\"http:\/\/northwest-archers.ch\/wp-content\/uploads\/2020\/11\/18.png 173w, http:\/\/northwest-archers.ch\/wp-content\/uploads\/2020\/11\/18-169x300.png 169w\" sizes=\"(max-width: 173px) 100vw, 173px\" \/><\/figure>\n\n\n\n<p>Unsere Juniorin Miram hat sich in der Kategorie BU den 2.ten Platz erk\u00e4mpft. Sie ist das erste mal bei den Erwachsenen gestartet und hat die Damenwelt etwas aufgemischt. Wir Gratulieren hier nochmals Herzlich zu diesem tollen Resultat.&nbsp;<\/p>\n\n\n\n<p><strong><u>&nbsp;28.08.2017<\/u><\/strong><\/p>\n\n\n\n<p><strong><u>Der Winter naht!!<\/u><\/strong><\/p>\n\n\n\n<p>W\u00e4hrend wir die Letzten warmen Tage des Sommers genie\u00dfen und nochmals einige Pfeile auf unserem Trainingsplatz fliegen lassen, werden die Tage langsam K\u00fcrzer. Dies ist die Zeit in der wir unser Training nun langsam nach drinnen verlagern und unseren Au\u00dfenplatz r\u00e4umen und wieder der Natur \u00fcbergeben. F\u00fcr die au\u00dfen Saison 2018 werden wir einen Neuen au\u00dfen Trainingsplatz beziehen. Wo dieser genau liegt und wie es dort aussieht, ist noch offen wird sich aber in den n\u00e4chsten Tagen hoffentlich genauer abzeichnen. Sobald wir dazu mehr wissen werden wir euch hier Bilder vom Neuen Gel\u00e4nde zeigen. Ihr seht also es ist alles im Fluss.<\/p>\n\n\n\n<p>Der Pr\u00e4si<\/p>\n\n\n\n<p><strong><u>07.06.2017<\/u><\/strong><\/p>\n\n\n\n<p><strong><u>Zur\u00fcck von Sur En<\/u><\/strong><\/p>\n\n\n\n<p>Am Pfingstwochenedne sind 5 unserer Sch\u00fctzren nach Sur En im sch\u00f6nen Engadin gefahren und haben dort das 2 T\u00e4gige 3D Turnier der&nbsp;<a href=\"http:\/\/bogensport-engadin.ch\/\">Archers Engadina<\/a>&nbsp;bestritten. Die Sch\u00fcsse waren wundersch\u00f6n in die Landschaft gelegt. Neben steilen bergauf- und Bergabsch\u00fcssen waren auch diverse Situationen dabei die dich eiskalt aus der Komfort Zone holten. Also genau das wonach wir gesucht hatten und weswegen wir jedes Jahr aufs neue hinfahren.&nbsp;<\/p>\n\n\n\n<p>Ich freue mich schon darauf im 2018 an Pfingsten alle wieder im sch\u00f6nen Innthal wiederzu sehen.<\/p>\n\n\n\n<p><strong><u>25.05.2017<\/u><\/strong><\/p>\n\n\n\n<p><strong><u>Trainingsauflug nach Eisenbach<\/u><\/strong><\/p>\n\n\n\n<p>Am 25. Mai machten sich einige von uns auf nach Eisenbach um gemeinsam mit Freunden den Parcours zu schie\u00dfen. Da wir gesamt 10 Personen waren, haben wir uns in 2 Gruppen aufgeteilt. Neben dem unbeschreiblich sch\u00f6nen Wetter das wir genie\u00dfen durften, hat Miriam auch Ihren neuen Compoundbogen ausgef\u00fchrt. Miriam wird ab jetzt alle Wettk\u00e4mpfe in der Klasse Bowhunter Compound schie\u00dfen. So haben wir auf dieser Seite nun bereits den ersten Nachwuchs in den Startl\u00f6chern.<\/p>\n\n\n\n<p>An Pfingsten werden 5 Mitglieder unseres Vereins nach Sur En reisen und dort am Allj\u00e4hrlichen Pfingstturnier teilnehmen. Nach meiner Meinung ist dieses Turnier eines der sch\u00f6nsten in der Schweiz und deshalb sehr zu empfehlen.Wir werden Sehen wie weit wir dort dieses Jahr kommen werden. F\u00fcr das n\u00e4chste Jahr wird die Unterkunft bereits organisiert so das wir im 2018 mit bis zu 7 Sch\u00fctzen anreisen k\u00f6nnen.<\/p>\n\n\n\n<p>Am Freitag nach Pfingsten kommen uns 3 Interessiererte Bogensch\u00fctzen besuchen die auf der suche nach einem Verein sind. Mal schauen wie es Ihnen bei uns gef\u00e4llt. Langsam aber sicher hat sich herumgesprochen das sich bei uns im Nordwesten etwas tut.<\/p>\n\n\n\n<p><strong><u>18.05.2017<\/u><\/strong><\/p>\n\n\n\n<p><strong><u>Seit 2 Wochen das erste mal wieder im Training<\/u><\/strong><\/p>\n\n\n\n<p>So nun nach bestandener Weiterbildung und Killturnier hatten wir endlich wieder mal Zeit, ein Training zu besuchen. Wir haben die neue Feldscheibe getestet und auch auf dem kleinen Parcours einige Pfeile fliegen lassen. Die Northwester die da waren, durften Ihr eigenes Vereinsshirt entgegennehmen. Schon in 2 Wochen k\u00f6nnen einige von uns es das erste mal beim Pfingstturnier in Suren Ausf\u00fchren. Auch hatten wir ein erstes &#8222;Fotoshooting&#8220; mit Sibylle, eine unserer Sch\u00fctzinnen die auch ein sehr gutes Auge f\u00fcr sch\u00f6ne Bilder hat. Ja wir haben viele Talente in unserem kleinen aber Feinen Verein. Die Bilder sind in einer ersten kleinen Slideshow in der Galerie ersichtlich.<\/p>\n\n\n\n<p><strong><u>07.05.2017<\/u><\/strong><\/p>\n\n\n\n<p><strong><u>9.tes Killturnier in Eisenbach DE<\/u><\/strong><\/p>\n\n\n\n<p>Dieses Jahr sind 4 von uns aufgebrochen um am ersten Mai Wochenende zusammen mit vielen anderen Bogenverr\u00fcckten das Killturnier von Henry Bodnik zu Bestreiten. Die Schussdistanzen sind allesamt der Bogenjagd nachempfunden und sehr Anspruchsvoll gestellt. Auch wenn die Distanzen nicht \u00fcber 25 Meter hinausgehen, so machen es einem daf\u00fcr die Zielgr\u00f6\u00dfe sowie die jeweilige Schiessposition nicht gerade einfacher das ben\u00f6tigte Kill zu treffen. Man schie\u00dft durch schmale Korridore oder \u00d6ffnungen im Dickicht dei denen man sein ganzes Selbstvertrauen braucht um die gew\u00fcnschten Punkte mit zu nehmen. Alle ob Kinder, Erwachsene oder Jugend schie\u00dfen vom selben Pflock. Auch bei der Wertung geht man einen f\u00fcr mich bis dahin nicht gewohnten Weg. So erh\u00e4lt man bei einem Treffer in der Woundzohne (18\/20er Kreis) 10 resp. 20 Punkte und bei einem K\u00f6rper Treffer -2 resp -5 Punkte ein Vorbei Schuss oder Kulissen Treffer gibt wie gewohnt null Punkte. Trotz der Harten Punkteregeln hat es eine Sch\u00fctzin von uns bis ins Finale geschafft und durfte im Stechen um 1000.- \u20ac Preisgeld antreten. Obschon Miriam Heller das Stechen dieses mal nicht f\u00fcr sich entscheiden konnte, so hat sie trotzdem den 3.ten Platz in der Kategorie Jugend gemacht.<\/p>\n\n\n\n<p>Daf\u00fcr Herzliche Gratulation eine Starke Leistung unter (Wetter-technisch harten Bedingungen)<\/p>\n\n\n\n<p>Das n\u00e4chste Jahr wird das Turnier voraussichtlich vom 05. bis 06. 05 2018 sein. Auch wir werden sicher wieder Teilnehmen.<\/p>\n\n\n\n<figure class=\"wp-block-image size-large\"><img decoding=\"async\" loading=\"lazy\" width=\"310\" height=\"551\" src=\"http:\/\/northwest-archers.ch\/wp-content\/uploads\/2020\/11\/19.png\" alt=\"\" class=\"wp-image-95\" srcset=\"http:\/\/northwest-archers.ch\/wp-content\/uploads\/2020\/11\/19.png 310w, http:\/\/northwest-archers.ch\/wp-content\/uploads\/2020\/11\/19-169x300.png 169w\" sizes=\"(max-width: 310px) 100vw, 310px\" \/><\/figure>\n\n\n\n<p><strong><u>27.04.2017<\/u><\/strong><\/p>\n\n\n\n<p><strong><u>Training trotz Regen und Schnee<\/u><\/strong><\/p>\n\n\n\n<p>Am Letzten Freitag war das Wetter nicht gerade auf unserer Seite so hat es bis am Donnerstag noch verschiedentlich bis auf gut 400 meter \u00fc. Meer geschneit. Der Wind war Kalt und alles auf den Schiessplatz war Nass. Trotzdem hat sich ein Gr\u00fcppchen von Hartgesottenden eingefunden um zu Trainieren und den Platz etwas weiter auszubauen. Wir haben f\u00fcr einen gedeckten Sitzplatz gesorgt, damit wir nicht mehr im Nassen am Feuer sitzen m\u00fcssen und eine Ablagem\u00f6glichkeit f\u00fcr unsere B\u00f6gen wurde auch gebaut. Einer der N\u00e4chsten Bauabschnitte wird die Umsetzung einer Feldscheiben Anlage sein dazu haben wir nun bereits die erste Scheibe mit St\u00e4nder auf dem Schiessplatz. Bald werden wir auch ein Bewegliches Ziel haben das Drahtseil liegt jedenfalls schon bereit&#8230;.&nbsp;<\/p>\n\n\n\n<p>F\u00fcr unseren Durchhaltewillen trotz Wetter wurden wir am Ende mit einem Stimmungsvollen Sonnenuntergang belohnt. Aber seht selbst.<\/p>\n\n\n\n<figure class=\"wp-block-image size-large\"><img decoding=\"async\" loading=\"lazy\" width=\"536\" height=\"952\" src=\"http:\/\/northwest-archers.ch\/wp-content\/uploads\/2020\/11\/20.png\" alt=\"\" class=\"wp-image-96\" srcset=\"http:\/\/northwest-archers.ch\/wp-content\/uploads\/2020\/11\/20.png 536w, http:\/\/northwest-archers.ch\/wp-content\/uploads\/2020\/11\/20-169x300.png 169w\" sizes=\"(max-width: 536px) 100vw, 536px\" \/><\/figure>\n\n\n\n<p><strong><u>21.04.2017<\/u><\/strong><\/p>\n\n\n\n<p><strong><u>Erweiterungen der Homepage<\/u><\/strong><\/p>\n\n\n\n<p>F\u00fcr Jedermann ist beim Register &#8222;unser Verein&#8220; die Page &#8222;was wir bieten&#8220; ersichtlich. Hier wird unser Angebot und unsere M\u00f6glichkeiten kurz aufgez\u00e4hlt und etwas erl\u00e4utert. Die Workshop Kurse k\u00f6nnen voraussichtlich ab Mai 2017 im Register &#8222;Workshops&#8220; gebucht werden. F\u00fcr unsere Mitglieder ist ab 2018 die FAAS Mitgliedschaft verg\u00fcnstigt erh\u00e4ltlich. Dazu entweder die FAAAS Mitgliedschaft f\u00fcr Neumitglieder oder f\u00fcr bestehende Mitglieder bei den Formularen ausf\u00fcllen<\/p>\n\n\n\n<p><strong><u>07.04.2017<\/u><\/strong><\/p>\n\n\n\n<p><strong><u>Mit voller Kraft auf Kurs Northwest<\/u><\/strong><\/p>\n\n\n\n<p>&nbsp;Bereits 10 Tage ist unser Verein nun alt und schon haben wir die ersten Arbeiten hinter uns gebracht.<\/p>\n\n\n\n<p>Auf unserem Trainingsgel\u00e4nde haben wir nun bereits 6 3D Tiere auf die trainiert werden kann.<\/p>\n\n\n\n<p>Auch sind wir flei\u00dfig am S\u00e4cke stopfen um die Backstops bei den Zielen zu verbessern.<\/p>\n\n\n\n<p>Die Feuerstelle haben wir ausgehoben und auch schon die ersten Grill-Versuche unternommen.<\/p>\n","protected":false},"excerpt":{"rendered":"<p>7.10. 2019 die Schutzwand ist fertig Nun ist auch der rest der Schutzwand hochgezogen. Nun k\u00f6nnen wir auf bis zu 10 Scheibenbl\u00f6cke erweitern und somit bis zu 40 Sch\u00fctzen gleichzeitig schiessen lassen. Mit so viel Platz steht weiterem Vereinszuwachs nichts mehr im Weg. 25.09.2019 Der Umbau nimmt Formen an Nun haben wir den Ersten abschnitt &hellip; <\/p>\n<p class=\"link-more\"><a href=\"http:\/\/northwest-archers.ch\/index.php\/blog\/\" class=\"more-link\"><span class=\"screen-reader-text\">\u201eBlog\u201c<\/span> weiterlesen<\/a><\/p>\n","protected":false},"author":1,"featured_media":0,"parent":0,"menu_order":0,"comment_status":"closed","ping_status":"closed","template":"","meta":[],"yoast_head":"<!-- This site is optimized with the Yoast SEO plugin v19.10 - https:\/\/yoast.com\/wordpress\/plugins\/seo\/ -->\n<title>Blog - Northwest Archers<\/title>\n<meta name=\"robots\" content=\"index, follow, max-snippet:-1, max-image-preview:large, max-video-preview:-1\" \/>\n<link rel=\"canonical\" href=\"http:\/\/northwest-archers.ch\/index.php\/blog\/\" \/>\n<meta property=\"og:locale\" content=\"de_DE\" \/>\n<meta property=\"og:type\" content=\"article\" \/>\n<meta property=\"og:title\" content=\"Blog - Northwest Archers\" \/>\n<meta property=\"og:description\" content=\"7.10. 2019 die Schutzwand ist fertig Nun ist auch der rest der Schutzwand hochgezogen. Nun k\u00f6nnen wir auf bis zu 10 Scheibenbl\u00f6cke erweitern und somit bis zu 40 Sch\u00fctzen gleichzeitig schiessen lassen. Mit so viel Platz steht weiterem Vereinszuwachs nichts mehr im Weg. 25.09.2019 Der Umbau nimmt Formen an Nun haben wir den Ersten abschnitt &hellip; \u201eBlog\u201c weiterlesen\" \/>\n<meta property=\"og:url\" content=\"http:\/\/northwest-archers.ch\/index.php\/blog\/\" \/>\n<meta property=\"og:site_name\" content=\"Northwest Archers\" \/>\n<meta property=\"article:modified_time\" content=\"2020-11-15T21:08:43+00:00\" \/>\n<meta property=\"og:image\" content=\"http:\/\/northwest-archers.ch\/wp-content\/uploads\/2020\/11\/1-1.png\" \/>\n<meta name=\"twitter:card\" content=\"summary_large_image\" \/>\n<meta name=\"twitter:label1\" content=\"Gesch\u00e4tzte Lesezeit\" \/>\n\t<meta name=\"twitter:data1\" content=\"18\u00a0Minuten\" \/>\n<script type=\"application\/ld+json\" class=\"yoast-schema-graph\">{\"@context\":\"https:\/\/schema.org\",\"@graph\":[{\"@type\":\"WebPage\",\"@id\":\"http:\/\/northwest-archers.ch\/index.php\/blog\/\",\"url\":\"http:\/\/northwest-archers.ch\/index.php\/blog\/\",\"name\":\"Blog - Northwest Archers\",\"isPartOf\":{\"@id\":\"http:\/\/northwest-archers.ch\/#website\"},\"datePublished\":\"2020-11-15T20:19:55+00:00\",\"dateModified\":\"2020-11-15T21:08:43+00:00\",\"breadcrumb\":{\"@id\":\"http:\/\/northwest-archers.ch\/index.php\/blog\/#breadcrumb\"},\"inLanguage\":\"de\",\"potentialAction\":[{\"@type\":\"ReadAction\",\"target\":[\"http:\/\/northwest-archers.ch\/index.php\/blog\/\"]}]},{\"@type\":\"BreadcrumbList\",\"@id\":\"http:\/\/northwest-archers.ch\/index.php\/blog\/#breadcrumb\",\"itemListElement\":[{\"@type\":\"ListItem\",\"position\":1,\"name\":\"Home\",\"item\":\"http:\/\/northwest-archers.ch\/\"},{\"@type\":\"ListItem\",\"position\":2,\"name\":\"Blog\"}]},{\"@type\":\"WebSite\",\"@id\":\"http:\/\/northwest-archers.ch\/#website\",\"url\":\"http:\/\/northwest-archers.ch\/\",\"name\":\"Northwest Archers\",\"description\":\"Die Leidenschaft die Freunde schaft\",\"potentialAction\":[{\"@type\":\"SearchAction\",\"target\":{\"@type\":\"EntryPoint\",\"urlTemplate\":\"http:\/\/northwest-archers.ch\/?s={search_term_string}\"},\"query-input\":\"required name=search_term_string\"}],\"inLanguage\":\"de\"}]}<\/script>\n<!-- \/ Yoast SEO plugin. -->","yoast_head_json":{"title":"Blog - Northwest Archers","robots":{"index":"index","follow":"follow","max-snippet":"max-snippet:-1","max-image-preview":"max-image-preview:large","max-video-preview":"max-video-preview:-1"},"canonical":"http:\/\/northwest-archers.ch\/index.php\/blog\/","og_locale":"de_DE","og_type":"article","og_title":"Blog - Northwest Archers","og_description":"7.10. 2019 die Schutzwand ist fertig Nun ist auch der rest der Schutzwand hochgezogen. Nun k\u00f6nnen wir auf bis zu 10 Scheibenbl\u00f6cke erweitern und somit bis zu 40 Sch\u00fctzen gleichzeitig schiessen lassen. Mit so viel Platz steht weiterem Vereinszuwachs nichts mehr im Weg. 25.09.2019 Der Umbau nimmt Formen an Nun haben wir den Ersten abschnitt &hellip; \u201eBlog\u201c weiterlesen","og_url":"http:\/\/northwest-archers.ch\/index.php\/blog\/","og_site_name":"Northwest Archers","article_modified_time":"2020-11-15T21:08:43+00:00","og_image":[{"url":"http:\/\/northwest-archers.ch\/wp-content\/uploads\/2020\/11\/1-1.png"}],"twitter_card":"summary_large_image","twitter_misc":{"Gesch\u00e4tzte Lesezeit":"18\u00a0Minuten"},"schema":{"@context":"https:\/\/schema.org","@graph":[{"@type":"WebPage","@id":"http:\/\/northwest-archers.ch\/index.php\/blog\/","url":"http:\/\/northwest-archers.ch\/index.php\/blog\/","name":"Blog - Northwest Archers","isPartOf":{"@id":"http:\/\/northwest-archers.ch\/#website"},"datePublished":"2020-11-15T20:19:55+00:00","dateModified":"2020-11-15T21:08:43+00:00","breadcrumb":{"@id":"http:\/\/northwest-archers.ch\/index.php\/blog\/#breadcrumb"},"inLanguage":"de","potentialAction":[{"@type":"ReadAction","target":["http:\/\/northwest-archers.ch\/index.php\/blog\/"]}]},{"@type":"BreadcrumbList","@id":"http:\/\/northwest-archers.ch\/index.php\/blog\/#breadcrumb","itemListElement":[{"@type":"ListItem","position":1,"name":"Home","item":"http:\/\/northwest-archers.ch\/"},{"@type":"ListItem","position":2,"name":"Blog"}]},{"@type":"WebSite","@id":"http:\/\/northwest-archers.ch\/#website","url":"http:\/\/northwest-archers.ch\/","name":"Northwest Archers","description":"Die Leidenschaft die Freunde schaft","potentialAction":[{"@type":"SearchAction","target":{"@type":"EntryPoint","urlTemplate":"http:\/\/northwest-archers.ch\/?s={search_term_string}"},"query-input":"required name=search_term_string"}],"inLanguage":"de"}]}},"_links":{"self":[{"href":"http:\/\/northwest-archers.ch\/index.php\/wp-json\/wp\/v2\/pages\/21"}],"collection":[{"href":"http:\/\/northwest-archers.ch\/index.php\/wp-json\/wp\/v2\/pages"}],"about":[{"href":"http:\/\/northwest-archers.ch\/index.php\/wp-json\/wp\/v2\/types\/page"}],"author":[{"embeddable":true,"href":"http:\/\/northwest-archers.ch\/index.php\/wp-json\/wp\/v2\/users\/1"}],"replies":[{"embeddable":true,"href":"http:\/\/northwest-archers.ch\/index.php\/wp-json\/wp\/v2\/comments?post=21"}],"version-history":[{"count":3,"href":"http:\/\/northwest-archers.ch\/index.php\/wp-json\/wp\/v2\/pages\/21\/revisions"}],"predecessor-version":[{"id":98,"href":"http:\/\/northwest-archers.ch\/index.php\/wp-json\/wp\/v2\/pages\/21\/revisions\/98"}],"wp:attachment":[{"href":"http:\/\/northwest-archers.ch\/index.php\/wp-json\/wp\/v2\/media?parent=21"}],"curies":[{"name":"wp","href":"https:\/\/api.w.org\/{rel}","templated":true}]}}